{"id":164609,"date":"2025-02-21T10:44:20","date_gmt":"2025-02-21T13:44:20","guid":{"rendered":"https:\/\/www.estadisticaciudad.gob.ar\/eyc\/?page_id=164609"},"modified":"2025-06-06T11:06:49","modified_gmt":"2025-06-06T14:06:49","slug":"8-de-marzo-dia-internacional-de-la-mujer-2024","status":"publish","type":"page","link":"https:\/\/www.estadisticaciudad.gob.ar\/eyc\/8-de-marzo-dia-internacional-de-la-mujer-2024\/","title":{"rendered":"8 de marzo: D\u00eda Internacional de la Mujer 2025"},"content":{"rendered":"\t\t<div data-elementor-type=\"wp-post\" data-elementor-id=\"164609\" class=\"elementor elementor-164609\" data-elementor-post-type=\"page\">\n\t\t\t\t\t\t<section class=\"elementor-section elementor-top-section elementor-element elementor-element-7cc0289 elementor-section-full_width elementor-section-height-default elementor-section-height-default\" data-id=\"7cc0289\" data-element_type=\"section\" data-e-type=\"section\" data-settings=\"{&quot;background_background&quot;:&quot;classic&quot;}\">\n\t\t\t\t\t\t\t<div class=\"elementor-background-overlay\"><\/div>\n\t\t\t\t\t\t\t<div class=\"elementor-container elementor-column-gap-default\">\n\t\t\t\t\t<header class=\"elementor-column elementor-col-100 elementor-top-column elementor-element elementor-element-f271782\" data-id=\"f271782\" data-element_type=\"column\" data-e-type=\"column\" data-settings=\"{&quot;background_background&quot;:&quot;classic&quot;}\">\n\t\t\t<div class=\"elementor-widget-wrap elementor-element-populated\">\n\t\t\t\t\t\t<div class=\"elementor-element elementor-element-a54af65 elementor-widget__width-auto elementor-absolute elementor-widget elementor-widget-html\" data-id=\"a54af65\" data-element_type=\"widget\" data-e-type=\"widget\" data-settings=\"{&quot;_position&quot;:&quot;absolute&quot;}\" data-widget_type=\"html.default\">\n\t\t\t\t<div class=\"elementor-widget-container\">\n\t\t\t\t\t\n    <style>\n        .small-h1 {\n            font-size: 16px;\n            font-family: 'Open Sans', sans-serif;\n            font-weight: 700;\n            color: white;\n            visibility: hidden;\n        }\n    <\/style>\n<\/head>\n<body>\n    <h1 class=\"small-h1\">8 de marzo: D\u00eda Internacional de la Mujer 2025.<\/h1>\n<\/body>\n<\/html>\n\t\t\t\t<\/div>\n\t\t\t\t<\/div>\n\t\t\t\t<div class=\"elementor-element elementor-element-466a6a2 elementor-widget elementor-widget-image\" data-id=\"466a6a2\" data-element_type=\"widget\" data-e-type=\"widget\" data-widget_type=\"image.default\">\n\t\t\t\t<div class=\"elementor-widget-container\">\n\t\t\t\t\t\t\t\t\t\t\t\t\t\t\t\t<a href=\"https:\/\/www.estadisticaciudad.gob.ar\/eyc\" target=\"_blank\">\n\t\t\t\t\t\t\t<img decoding=\"async\" width=\"198\" height=\"251\" src=\"https:\/\/www.estadisticaciudad.gob.ar\/eyc\/wp-content\/uploads\/2024\/08\/logo-IDECBA-oficial-blanco.png\" class=\"attachment-large size-large wp-image-157887\" alt=\"\" srcset=\"https:\/\/www.estadisticaciudad.gob.ar\/eyc\/wp-content\/uploads\/2024\/08\/logo-IDECBA-oficial-blanco.png 198w, https:\/\/www.estadisticaciudad.gob.ar\/eyc\/wp-content\/uploads\/2024\/08\/logo-IDECBA-oficial-blanco-118x150.png 118w\" sizes=\"(max-width: 198px) 100vw, 198px\" \/>\t\t\t\t\t\t\t\t<\/a>\n\t\t\t\t\t\t\t\t\t\t\t\t\t\t\t<\/div>\n\t\t\t\t<\/div>\n\t\t\t\t\t<\/div>\n\t\t<\/header>\n\t\t\t\t\t<\/div>\n\t\t<\/section>\n\t\t\t\t<section class=\"elementor-section elementor-top-section elementor-element elementor-element-49239a7 elementor-section-full_width elementor-reverse-mobile elementor-section-height-default elementor-section-height-default\" data-id=\"49239a7\" data-element_type=\"section\" data-e-type=\"section\" data-settings=\"{&quot;background_background&quot;:&quot;classic&quot;}\">\n\t\t\t\t\t\t<div class=\"elementor-container elementor-column-gap-no\">\n\t\t\t\t\t<div class=\"elementor-column elementor-col-66 elementor-top-column elementor-element elementor-element-1167fa6\" data-id=\"1167fa6\" data-element_type=\"column\" data-e-type=\"column\">\n\t\t\t<div class=\"elementor-widget-wrap elementor-element-populated\">\n\t\t\t\t\t\t<div class=\"elementor-element elementor-element-1129889 elementor-widget elementor-widget-heading\" data-id=\"1129889\" data-element_type=\"widget\" data-e-type=\"widget\" data-widget_type=\"heading.default\">\n\t\t\t\t<div class=\"elementor-widget-container\">\n\t\t\t\t\t<p class=\"elementor-heading-title elementor-size-default\">8 de marzo: D\u00eda Internacional de la Mujer 2025<\/p>\t\t\t\t<\/div>\n\t\t\t\t<\/div>\n\t\t\t\t\t<\/div>\n\t\t<\/div>\n\t\t\t\t<div class=\"elementor-column elementor-col-33 elementor-top-column elementor-element elementor-element-f33f8de\" data-id=\"f33f8de\" data-element_type=\"column\" data-e-type=\"column\">\n\t\t\t<div class=\"elementor-widget-wrap elementor-element-populated\">\n\t\t\t\t\t\t<div class=\"elementor-element elementor-element-4a07222 elementor-widget elementor-widget-image\" data-id=\"4a07222\" data-element_type=\"widget\" data-e-type=\"widget\" data-widget_type=\"image.default\">\n\t\t\t\t<div class=\"elementor-widget-container\">\n\t\t\t\t\t\t\t\t\t\t\t\t\t\t\t<img fetchpriority=\"high\" decoding=\"async\" width=\"1080\" height=\"450\" src=\"https:\/\/www.estadisticaciudad.gob.ar\/eyc\/wp-content\/uploads\/2025\/02\/slider3-8M.jpg\" class=\"attachment-full size-full wp-image-164650\" alt=\"\" srcset=\"https:\/\/www.estadisticaciudad.gob.ar\/eyc\/wp-content\/uploads\/2025\/02\/slider3-8M.jpg 1080w, https:\/\/www.estadisticaciudad.gob.ar\/eyc\/wp-content\/uploads\/2025\/02\/slider3-8M-150x63.jpg 150w, https:\/\/www.estadisticaciudad.gob.ar\/eyc\/wp-content\/uploads\/2025\/02\/slider3-8M-870x363.jpg 870w, https:\/\/www.estadisticaciudad.gob.ar\/eyc\/wp-content\/uploads\/2025\/02\/slider3-8M-768x320.jpg 768w\" sizes=\"(max-width: 1080px) 100vw, 1080px\" \/>\t\t\t\t\t\t\t\t\t\t\t\t\t\t\t<\/div>\n\t\t\t\t<\/div>\n\t\t\t\t\t<\/div>\n\t\t<\/div>\n\t\t\t\t\t<\/div>\n\t\t<\/section>\n\t\t\t\t<section class=\"elementor-section elementor-top-section elementor-element elementor-element-8a5ff45 elementor-section-boxed elementor-section-height-default elementor-section-height-default\" data-id=\"8a5ff45\" data-element_type=\"section\" data-e-type=\"section\" id=\"intro\" data-settings=\"{&quot;background_background&quot;:&quot;classic&quot;}\">\n\t\t\t\t\t\t<div class=\"elementor-container elementor-column-gap-default\">\n\t\t\t\t\t<div class=\"elementor-column elementor-col-100 elementor-top-column elementor-element elementor-element-a602a4f\" data-id=\"a602a4f\" data-element_type=\"column\" data-e-type=\"column\">\n\t\t\t<div class=\"elementor-widget-wrap elementor-element-populated\">\n\t\t\t\t\t\t<div class=\"elementor-element elementor-element-22c299d elementor-widget elementor-widget-text-editor\" data-id=\"22c299d\" data-element_type=\"widget\" data-e-type=\"widget\" data-widget_type=\"text-editor.default\">\n\t\t\t\t<div class=\"elementor-widget-container\">\n\t\t\t\t\t\t\t\t\t<p data-start=\"0\" data-end=\"455\">El Instituto de Estad\u00edstica y Censos de la Ciudad Aut\u00f3noma de Buenos Aires (IDECBA) publica, como cada 8 de marzo, este informe cuyo objetivo es contribuir al an\u00e1lisis de las brechas entre mujeres y varones, identificando avances y cuestiones pendientes. Al mismo tiempo, busca aportar al monitoreo de los Objetivos de Desarrollo Sostenible 2030, en particular el ODS 5 \u201cLograr la igualdad entre los g\u00e9neros y empoderar a todas las mujeres y las ni\u00f1as\u201d.<\/p><p data-start=\"457\" data-end=\"808\">La publicaci\u00f3n presenta indicadores con una perspectiva sist\u00e9mica que identifica las autonom\u00edas de g\u00e9nero (de acuerdo con los lineamientos de la Divisi\u00f3n de Asuntos de G\u00e9nero de la Comisi\u00f3n Econ\u00f3mica para Am\u00e9rica Latina de Naciones Unidas, CEPAL) y sus dimensiones:<\/p>\t\t\t\t\t\t\t\t<\/div>\n\t\t\t\t<\/div>\n\t\t\t\t<div class=\"elementor-element elementor-element-5652f78 elementor-align-start elementor-list-item-link-full_width elementor-widget elementor-widget-icon-list\" data-id=\"5652f78\" data-element_type=\"widget\" data-e-type=\"widget\" data-widget_type=\"icon-list.default\">\n\t\t\t\t<div class=\"elementor-widget-container\">\n\t\t\t\t\t\t\t<ul class=\"elementor-icon-list-items\">\n\t\t\t\t\t\t\t<li class=\"elementor-icon-list-item\">\n\t\t\t\t\t\t\t\t\t\t\t<span class=\"elementor-icon-list-icon\">\n\t\t\t\t\t\t\t\t\t\t\t\t\t\t\t\t<i class=\"fa fa-check-circle\" aria-hidden=\"true\"><\/i>\n\t\t\t\t\t\t\t\t\t\t\t\t\t<\/span>\n\t\t\t\t\t\t\t\t\t\t<span class=\"elementor-icon-list-text\">Autonom\u00eda econ\u00f3mica<\/span>\n\t\t\t\t\t\t\t\t\t<\/li>\n\t\t\t\t\t\t\t\t<li class=\"elementor-icon-list-item\">\n\t\t\t\t\t\t\t\t\t\t\t<span class=\"elementor-icon-list-icon\">\n\t\t\t\t\t\t\t\t\t\t\t\t\t\t\t\t<i class=\"fa fa-check-circle\" aria-hidden=\"true\"><\/i>\n\t\t\t\t\t\t\t\t\t\t\t\t\t<\/span>\n\t\t\t\t\t\t\t\t\t\t<span class=\"elementor-icon-list-text\">Autonom\u00eda f\u00edsica<\/span>\n\t\t\t\t\t\t\t\t\t<\/li>\n\t\t\t\t\t\t\t\t<li class=\"elementor-icon-list-item\">\n\t\t\t\t\t\t\t\t\t\t\t<span class=\"elementor-icon-list-icon\">\n\t\t\t\t\t\t\t\t\t\t\t\t\t\t\t\t<i class=\"fa fa-check-circle\" aria-hidden=\"true\"><\/i>\n\t\t\t\t\t\t\t\t\t\t\t\t\t<\/span>\n\t\t\t\t\t\t\t\t\t\t<span class=\"elementor-icon-list-text\">Autonom\u00eda en la toma de decisiones<\/span>\n\t\t\t\t\t\t\t\t\t<\/li>\n\t\t\t\t\t\t<\/ul>\n\t\t\t\t\t\t<\/div>\n\t\t\t\t<\/div>\n\t\t\t\t<div class=\"elementor-element elementor-element-a40745f elementor-widget elementor-widget-text-editor\" data-id=\"a40745f\" data-element_type=\"widget\" data-e-type=\"widget\" data-widget_type=\"text-editor.default\">\n\t\t\t\t<div class=\"elementor-widget-container\">\n\t\t\t\t\t\t\t\t\t<p>Los indicadores seleccionados dan cuenta de las tendencias del per\u00edodo reciente e incluyen los \u00faltimos datos disponibles. Se trata de una selecci\u00f3n de aquellos publicados y actualizados anualmente en el <em>Sistema de Indicadores de G\u00e9nero (SIGBA<\/em>), donde es posible acceder a la serie completa de cada uno.<\/p><p>En esta oportunidad, se presentan indicadores referidos al acceso a recursos econ\u00f3micos, a la inserci\u00f3n de la mujer en el mercado de trabajo, al trabajo no remunerado, y al perfil del desempe\u00f1o de las mujeres en la educaci\u00f3n formal. En cuanto a los indicadores de la autonom\u00eda f\u00edsica, se incluyen los referidos al acceso a la salud sexual y reproductiva y a la incidencia y percepci\u00f3n de la violencia contra las mujeres. Por \u00faltimo, se exponen indicadores que dan cuenta de los avances en la autonom\u00eda en la toma de decisiones, incluyendo informaci\u00f3n sobre la presencia de mujeres en cargos electivos y en puestos de decisi\u00f3n en la Administraci\u00f3n del Gobierno de la Ciudad de Buenos Aires (GCBA).<\/p><p class=\"p1\">Las fuentes utilizadas son tanto del IDECBA (Encuesta Anual de Hogares, Encuesta de Uso del Tiempo, Encuesta de Percepci\u00f3n e Incidencia de la Violencia contra las Mujeres y Estad\u00edsticas vitales), como otras generadas por organismos del GCBA y nacionales (Ministerio de Trabajo, Empleo y Seguridad Social, Corte Suprema de Justicia de la Naci\u00f3n).<span class=\"Apple-converted-space\">\u00a0<\/span><\/p><p>Esta publicaci\u00f3n forma parte del conjunto de proyectos y actividades que viene desarrollando el IDECBA para la incorporaci\u00f3n de la perspectiva de g\u00e9nero en el Sistema Estad\u00edstico de la Ciudad de Buenos Aires. Entre ellas, se destacan el <a href=\"http:\/\/www.estadisticaciudad.gob.ar\/eyc\/?page_id=74588\"><em>Sistema de Indicadores de G\u00e9nero<\/em><\/a> y el <a href=\"https:\/\/www.estadisticaciudad.gob.ar\/eyc\/si\/cuidados\/principal\"><em>Sistema de Indicadores de Cuidados<\/em><\/a>, donde se pueden consultar otros indicadores y datos estad\u00edsticos.<\/p><p>Todos los datos aqu\u00ed publicados son producidos por este Instituto y pueden consultarse en nuestra p\u00e1gina web del <a href=\"https:\/\/www.estadisticaciudad.gob.ar\/eyc\/\">IDECBA<\/a> o ser solicitados en el Centro de Documentaci\u00f3n <a href=\"mailto:cdocumentacion@www.estadisticaciudad.gob.ar\/eyc\"><u>cdocumentacion@www.estadisticaciudad.gob.ar\/eyc<\/u><\/a>.<\/p>\t\t\t\t\t\t\t\t<\/div>\n\t\t\t\t<\/div>\n\t\t\t\t\t<\/div>\n\t\t<\/div>\n\t\t\t\t\t<\/div>\n\t\t<\/section>\n\t\t\t\t<section class=\"elementor-section elementor-top-section elementor-element elementor-element-e70b24a elementor-section-boxed elementor-section-height-default elementor-section-height-default\" data-id=\"e70b24a\" data-element_type=\"section\" data-e-type=\"section\">\n\t\t\t\t\t\t<div class=\"elementor-container elementor-column-gap-default\">\n\t\t\t\t\t<div class=\"elementor-column elementor-col-100 elementor-top-column elementor-element elementor-element-42d29ec\" data-id=\"42d29ec\" data-element_type=\"column\" data-e-type=\"column\">\n\t\t\t<div class=\"elementor-widget-wrap elementor-element-populated\">\n\t\t\t\t\t\t<section class=\"elementor-section elementor-inner-section elementor-element elementor-element-7faed9b elementor-section-full_width elementor-section-height-default elementor-section-height-default\" data-id=\"7faed9b\" data-element_type=\"section\" data-e-type=\"section\" data-settings=\"{&quot;background_background&quot;:&quot;classic&quot;}\">\n\t\t\t\t\t\t<div class=\"elementor-container elementor-column-gap-default\">\n\t\t\t\t\t<div class=\"elementor-column elementor-col-50 elementor-inner-column elementor-element elementor-element-09f3046\" data-id=\"09f3046\" data-element_type=\"column\" data-e-type=\"column\">\n\t\t\t<div class=\"elementor-widget-wrap elementor-element-populated\">\n\t\t\t\t\t\t<div class=\"elementor-element elementor-element-2a9116b elementor-widget elementor-widget-heading\" data-id=\"2a9116b\" data-element_type=\"widget\" data-e-type=\"widget\" data-widget_type=\"heading.default\">\n\t\t\t\t<div class=\"elementor-widget-container\">\n\t\t\t\t\t<p class=\"elementor-heading-title elementor-size-default\">Autonom\u00eda econ\u00f3mica<\/p>\t\t\t\t<\/div>\n\t\t\t\t<\/div>\n\t\t\t\t\t<\/div>\n\t\t<\/div>\n\t\t\t\t<div class=\"elementor-column elementor-col-50 elementor-inner-column elementor-element elementor-element-675f968\" data-id=\"675f968\" data-element_type=\"column\" data-e-type=\"column\">\n\t\t\t<div class=\"elementor-widget-wrap elementor-element-populated\">\n\t\t\t\t\t\t<div class=\"elementor-element elementor-element-7bec826 elementor-widget elementor-widget-text-editor\" data-id=\"7bec826\" data-element_type=\"widget\" data-e-type=\"widget\" data-widget_type=\"text-editor.default\">\n\t\t\t\t<div class=\"elementor-widget-container\">\n\t\t\t\t\t\t\t\t\t<p>La autonom\u00eda econ\u00f3mica comprende las posibilidades de las personas de generar y hacer uso de recursos, como de disponer libremente de su tiempo o de alcanzar su pleno desarrollo y de participar activamente de la vida p\u00fablica (CEPAL, 2016). Para las mujeres implica la capacidad de generar y controlar ingresos y recursos propios a partir de su inclusi\u00f3n en el mercado de trabajo remunerado en igualdad de condiciones que los varones. Adema\u0301s, toma en consideracio\u0301n la contribucio\u0301n de las mujeres a la economi\u0301a a trave\u0301s del trabajo dome\u0301stico no remunerado y del trabajo de cuidado de otras personas, sean o no miembros de su hogar. La posibilidad de conseguir credenciales de educacio\u0301n formal, en una situacio\u0301n de igualdad de ge\u0301nero, facilita el acceso de las mujeres a puestos de trabajo de mejor calidad.<\/p>\t\t\t\t\t\t\t\t<\/div>\n\t\t\t\t<\/div>\n\t\t\t\t\t<\/div>\n\t\t<\/div>\n\t\t\t\t\t<\/div>\n\t\t<\/section>\n\t\t\t\t\t<\/div>\n\t\t<\/div>\n\t\t\t\t\t<\/div>\n\t\t<\/section>\n\t\t\t\t<section class=\"elementor-section elementor-top-section elementor-element elementor-element-0a6b526 elementor-section-boxed elementor-section-height-default elementor-section-height-default\" data-id=\"0a6b526\" data-element_type=\"section\" data-e-type=\"section\" id=\"RE\">\n\t\t\t\t\t\t<div class=\"elementor-container elementor-column-gap-default\">\n\t\t\t\t\t<div class=\"elementor-column elementor-col-100 elementor-top-column elementor-element elementor-element-85e40bd\" data-id=\"85e40bd\" data-element_type=\"column\" data-e-type=\"column\">\n\t\t\t<div class=\"elementor-widget-wrap elementor-element-populated\">\n\t\t\t\t\t\t<div class=\"elementor-element elementor-element-4820314 elementor-widget elementor-widget-heading\" data-id=\"4820314\" data-element_type=\"widget\" data-e-type=\"widget\" data-widget_type=\"heading.default\">\n\t\t\t\t<div class=\"elementor-widget-container\">\n\t\t\t\t\t<h2 class=\"elementor-heading-title elementor-size-default\">Acceso a recursos econ\u00f3micos\n<\/h2>\t\t\t\t<\/div>\n\t\t\t\t<\/div>\n\t\t\t\t<section class=\"elementor-section elementor-inner-section elementor-element elementor-element-37dab24 elementor-section-boxed elementor-section-height-default elementor-section-height-default\" data-id=\"37dab24\" data-element_type=\"section\" data-e-type=\"section\">\n\t\t\t\t\t\t<div class=\"elementor-container elementor-column-gap-default\">\n\t\t\t\t\t<div class=\"elementor-column elementor-col-25 elementor-inner-column elementor-element elementor-element-64daef2\" data-id=\"64daef2\" data-element_type=\"column\" data-e-type=\"column\">\n\t\t\t<div class=\"elementor-widget-wrap\">\n\t\t\t\t\t\t\t<\/div>\n\t\t<\/div>\n\t\t\t\t<div class=\"elementor-column elementor-col-25 elementor-inner-column elementor-element elementor-element-b14167e\" data-id=\"b14167e\" data-element_type=\"column\" data-e-type=\"column\">\n\t\t\t<div class=\"elementor-widget-wrap elementor-element-populated\">\n\t\t\t\t\t\t<div class=\"elementor-element elementor-element-8840bc0 elementor-position-top elementor-widget elementor-widget-image-box\" data-id=\"8840bc0\" data-element_type=\"widget\" data-e-type=\"widget\" id=\"G1\" data-widget_type=\"image-box.default\">\n\t\t\t\t<div class=\"elementor-widget-container\">\n\t\t\t\t\t<div class=\"elementor-image-box-wrapper\"><figure class=\"elementor-image-box-img\"><a href=\"https:\/\/www.estadisticaciudad.gob.ar\/eyc\/?page_id=164665\" tabindex=\"-1\"><img decoding=\"async\" width=\"1\" height=\"1\" src=\"https:\/\/www.estadisticaciudad.gob.ar\/eyc\/wp-content\/uploads\/2024\/02\/icon-grafico.svg\" class=\"elementor-animation-grow attachment-full size-full wp-image-149802\" alt=\"\" \/><\/a><\/figure><div class=\"elementor-image-box-content\"><h3 class=\"elementor-image-box-title\"><a href=\"https:\/\/www.estadisticaciudad.gob.ar\/eyc\/?page_id=164665\">G.1<\/a><\/h3><p class=\"elementor-image-box-description\">Distribuci\u00f3n porcentual de la suma de ingreso total individual por decil de ingreso y sexo. Ciudad de Buenos Aires. A\u00f1o 2023<\/p><\/div><\/div>\t\t\t\t<\/div>\n\t\t\t\t<\/div>\n\t\t\t\t\t<\/div>\n\t\t<\/div>\n\t\t\t\t<div class=\"elementor-column elementor-col-25 elementor-inner-column elementor-element elementor-element-ec4fbce\" data-id=\"ec4fbce\" data-element_type=\"column\" data-e-type=\"column\">\n\t\t\t<div class=\"elementor-widget-wrap elementor-element-populated\">\n\t\t\t\t\t\t<div class=\"elementor-element elementor-element-e668f33 elementor-position-top elementor-widget elementor-widget-image-box\" data-id=\"e668f33\" data-element_type=\"widget\" data-e-type=\"widget\" id=\"G2\" data-widget_type=\"image-box.default\">\n\t\t\t\t<div class=\"elementor-widget-container\">\n\t\t\t\t\t<div class=\"elementor-image-box-wrapper\"><figure class=\"elementor-image-box-img\"><a href=\"https:\/\/www.estadisticaciudad.gob.ar\/eyc\/?page_id=164698\" tabindex=\"-1\"><img decoding=\"async\" width=\"1\" height=\"1\" src=\"https:\/\/www.estadisticaciudad.gob.ar\/eyc\/wp-content\/uploads\/2024\/02\/icon-grafico.svg\" class=\"elementor-animation-grow attachment-full size-full wp-image-149802\" alt=\"\" \/><\/a><\/figure><div class=\"elementor-image-box-content\"><h3 class=\"elementor-image-box-title\"><a href=\"https:\/\/www.estadisticaciudad.gob.ar\/eyc\/?page_id=164698\">G.2<\/a><\/h3><p class=\"elementor-image-box-description\">Porcentaje de hogares con una mujer como principal perceptora de ingresos en el hogar. Ciudad de Buenos Aires. A\u00f1os 2015-2020-2023<\/p><\/div><\/div>\t\t\t\t<\/div>\n\t\t\t\t<\/div>\n\t\t\t\t\t<\/div>\n\t\t<\/div>\n\t\t\t\t<div class=\"elementor-column elementor-col-25 elementor-inner-column elementor-element elementor-element-ef41477\" data-id=\"ef41477\" data-element_type=\"column\" data-e-type=\"column\">\n\t\t\t<div class=\"elementor-widget-wrap\">\n\t\t\t\t\t\t\t<\/div>\n\t\t<\/div>\n\t\t\t\t\t<\/div>\n\t\t<\/section>\n\t\t\t\t<div class=\"elementor-element elementor-element-22deeac elementor-widget-divider--view-line elementor-widget elementor-widget-divider\" data-id=\"22deeac\" data-element_type=\"widget\" data-e-type=\"widget\" data-widget_type=\"divider.default\">\n\t\t\t\t<div class=\"elementor-widget-container\">\n\t\t\t\t\t\t\t<div class=\"elementor-divider\">\n\t\t\t<span class=\"elementor-divider-separator\">\n\t\t\t\t\t\t<\/span>\n\t\t<\/div>\n\t\t\t\t\t\t<\/div>\n\t\t\t\t<\/div>\n\t\t\t\t\t<\/div>\n\t\t<\/div>\n\t\t\t\t\t<\/div>\n\t\t<\/section>\n\t\t\t\t<section class=\"elementor-section elementor-top-section elementor-element elementor-element-2af594a elementor-section-boxed elementor-section-height-default elementor-section-height-default\" data-id=\"2af594a\" data-element_type=\"section\" data-e-type=\"section\" id=\"CE\">\n\t\t\t\t\t\t<div class=\"elementor-container elementor-column-gap-default\">\n\t\t\t\t\t<div class=\"elementor-column elementor-col-100 elementor-top-column elementor-element elementor-element-c47c936\" data-id=\"c47c936\" data-element_type=\"column\" data-e-type=\"column\">\n\t\t\t<div class=\"elementor-widget-wrap elementor-element-populated\">\n\t\t\t\t\t\t<div class=\"elementor-element elementor-element-24d73bd elementor-widget elementor-widget-heading\" data-id=\"24d73bd\" data-element_type=\"widget\" data-e-type=\"widget\" data-widget_type=\"heading.default\">\n\t\t\t\t<div class=\"elementor-widget-container\">\n\t\t\t\t\t<h2 class=\"elementor-heading-title elementor-size-default\">Acceso a credenciales educativas<\/h2>\t\t\t\t<\/div>\n\t\t\t\t<\/div>\n\t\t\t\t<section class=\"elementor-section elementor-inner-section elementor-element elementor-element-df4eb07 elementor-section-boxed elementor-section-height-default elementor-section-height-default\" data-id=\"df4eb07\" data-element_type=\"section\" data-e-type=\"section\">\n\t\t\t\t\t\t<div class=\"elementor-container elementor-column-gap-default\">\n\t\t\t\t\t<div class=\"elementor-column elementor-col-20 elementor-inner-column elementor-element elementor-element-929aa47\" data-id=\"929aa47\" data-element_type=\"column\" data-e-type=\"column\">\n\t\t\t<div class=\"elementor-widget-wrap\">\n\t\t\t\t\t\t\t<\/div>\n\t\t<\/div>\n\t\t\t\t<div class=\"elementor-column elementor-col-20 elementor-inner-column elementor-element elementor-element-d450893\" data-id=\"d450893\" data-element_type=\"column\" data-e-type=\"column\">\n\t\t\t<div class=\"elementor-widget-wrap\">\n\t\t\t\t\t\t\t<\/div>\n\t\t<\/div>\n\t\t\t\t<div class=\"elementor-column elementor-col-20 elementor-inner-column elementor-element elementor-element-2eb0781\" data-id=\"2eb0781\" data-element_type=\"column\" data-e-type=\"column\">\n\t\t\t<div class=\"elementor-widget-wrap elementor-element-populated\">\n\t\t\t\t\t\t<div class=\"elementor-element elementor-element-7bc0855 elementor-position-top elementor-widget elementor-widget-image-box\" data-id=\"7bc0855\" data-element_type=\"widget\" data-e-type=\"widget\" id=\"G3\" data-widget_type=\"image-box.default\">\n\t\t\t\t<div class=\"elementor-widget-container\">\n\t\t\t\t\t<div class=\"elementor-image-box-wrapper\"><figure class=\"elementor-image-box-img\"><a href=\"https:\/\/www.estadisticaciudad.gob.ar\/eyc\/?page_id=164706\" tabindex=\"-1\"><img decoding=\"async\" width=\"1\" height=\"1\" src=\"https:\/\/www.estadisticaciudad.gob.ar\/eyc\/wp-content\/uploads\/2024\/02\/icon-grafico.svg\" class=\"elementor-animation-grow attachment-full size-full wp-image-149802\" alt=\"\" \/><\/a><\/figure><div class=\"elementor-image-box-content\"><h3 class=\"elementor-image-box-title\"><a href=\"https:\/\/www.estadisticaciudad.gob.ar\/eyc\/?page_id=164706\">G.3<\/a><\/h3><p class=\"elementor-image-box-description\">Porcentaje de la poblaci\u00f3n de 25 a\u00f1os y m\u00e1s ocupada con nivel educativo superior completo por sexo. Ciudad de Buenos Aires. A\u00f1os 2015-2020-2023<\/p><\/div><\/div>\t\t\t\t<\/div>\n\t\t\t\t<\/div>\n\t\t\t\t\t<\/div>\n\t\t<\/div>\n\t\t\t\t<div class=\"elementor-column elementor-col-20 elementor-inner-column elementor-element elementor-element-44c6320\" data-id=\"44c6320\" data-element_type=\"column\" data-e-type=\"column\">\n\t\t\t<div class=\"elementor-widget-wrap\">\n\t\t\t\t\t\t\t<\/div>\n\t\t<\/div>\n\t\t\t\t<div class=\"elementor-column elementor-col-20 elementor-inner-column elementor-element elementor-element-32c9b66\" data-id=\"32c9b66\" data-element_type=\"column\" data-e-type=\"column\">\n\t\t\t<div class=\"elementor-widget-wrap\">\n\t\t\t\t\t\t\t<\/div>\n\t\t<\/div>\n\t\t\t\t\t<\/div>\n\t\t<\/section>\n\t\t\t\t<div class=\"elementor-element elementor-element-c848e1c elementor-widget-divider--view-line elementor-widget elementor-widget-divider\" data-id=\"c848e1c\" data-element_type=\"widget\" data-e-type=\"widget\" data-widget_type=\"divider.default\">\n\t\t\t\t<div class=\"elementor-widget-container\">\n\t\t\t\t\t\t\t<div class=\"elementor-divider\">\n\t\t\t<span class=\"elementor-divider-separator\">\n\t\t\t\t\t\t<\/span>\n\t\t<\/div>\n\t\t\t\t\t\t<\/div>\n\t\t\t\t<\/div>\n\t\t\t\t\t<\/div>\n\t\t<\/div>\n\t\t\t\t\t<\/div>\n\t\t<\/section>\n\t\t\t\t<section class=\"elementor-section elementor-top-section elementor-element elementor-element-a97c947 elementor-section-boxed elementor-section-height-default elementor-section-height-default\" data-id=\"a97c947\" data-element_type=\"section\" data-e-type=\"section\" id=\"IL\">\n\t\t\t\t\t\t<div class=\"elementor-container elementor-column-gap-default\">\n\t\t\t\t\t<div class=\"elementor-column elementor-col-100 elementor-top-column elementor-element elementor-element-67306b2\" data-id=\"67306b2\" data-element_type=\"column\" data-e-type=\"column\">\n\t\t\t<div class=\"elementor-widget-wrap elementor-element-populated\">\n\t\t\t\t\t\t<div class=\"elementor-element elementor-element-41f4b71 elementor-widget elementor-widget-heading\" data-id=\"41f4b71\" data-element_type=\"widget\" data-e-type=\"widget\" data-widget_type=\"heading.default\">\n\t\t\t\t<div class=\"elementor-widget-container\">\n\t\t\t\t\t<h2 class=\"elementor-heading-title elementor-size-default\">Inserci\u00f3n laboral\n<\/h2>\t\t\t\t<\/div>\n\t\t\t\t<\/div>\n\t\t\t\t<section class=\"elementor-section elementor-inner-section elementor-element elementor-element-7e7cccb elementor-section-boxed elementor-section-height-default elementor-section-height-default\" data-id=\"7e7cccb\" data-element_type=\"section\" data-e-type=\"section\">\n\t\t\t\t\t\t<div class=\"elementor-container elementor-column-gap-default\">\n\t\t\t\t\t<div class=\"elementor-column elementor-col-20 elementor-inner-column elementor-element elementor-element-38698c0\" data-id=\"38698c0\" data-element_type=\"column\" data-e-type=\"column\">\n\t\t\t<div class=\"elementor-widget-wrap\">\n\t\t\t\t\t\t\t<\/div>\n\t\t<\/div>\n\t\t\t\t<div class=\"elementor-column elementor-col-20 elementor-inner-column elementor-element elementor-element-d955d73\" data-id=\"d955d73\" data-element_type=\"column\" data-e-type=\"column\">\n\t\t\t<div class=\"elementor-widget-wrap elementor-element-populated\">\n\t\t\t\t\t\t<div class=\"elementor-element elementor-element-016eebc elementor-position-top elementor-widget elementor-widget-image-box\" data-id=\"016eebc\" data-element_type=\"widget\" data-e-type=\"widget\" id=\"G4\" data-widget_type=\"image-box.default\">\n\t\t\t\t<div class=\"elementor-widget-container\">\n\t\t\t\t\t<div class=\"elementor-image-box-wrapper\"><figure class=\"elementor-image-box-img\"><a href=\"https:\/\/www.estadisticaciudad.gob.ar\/eyc\/?page_id=164731\" tabindex=\"-1\"><img decoding=\"async\" width=\"1\" height=\"1\" src=\"https:\/\/www.estadisticaciudad.gob.ar\/eyc\/wp-content\/uploads\/2024\/02\/icon-grafico.svg\" class=\"elementor-animation-grow attachment-full size-full wp-image-149802\" alt=\"\" \/><\/a><\/figure><div class=\"elementor-image-box-content\"><h3 class=\"elementor-image-box-title\"><a href=\"https:\/\/www.estadisticaciudad.gob.ar\/eyc\/?page_id=164731\">G.4<\/a><\/h3><p class=\"elementor-image-box-description\">Tasas de actividad, empleo, desocupaci\u00f3n y subocupaci\u00f3n horaria de la poblaci\u00f3n de 10 a\u00f1os y m\u00e1s por sexo. Ciudad de Buenos Aires. A\u00f1o 2023<\/p><\/div><\/div>\t\t\t\t<\/div>\n\t\t\t\t<\/div>\n\t\t\t\t\t<\/div>\n\t\t<\/div>\n\t\t\t\t<div class=\"elementor-column elementor-col-20 elementor-inner-column elementor-element elementor-element-01a181b\" data-id=\"01a181b\" data-element_type=\"column\" data-e-type=\"column\">\n\t\t\t<div class=\"elementor-widget-wrap elementor-element-populated\">\n\t\t\t\t\t\t<div class=\"elementor-element elementor-element-1cd10e3 elementor-position-top elementor-widget elementor-widget-image-box\" data-id=\"1cd10e3\" data-element_type=\"widget\" data-e-type=\"widget\" id=\"G5\" data-widget_type=\"image-box.default\">\n\t\t\t\t<div class=\"elementor-widget-container\">\n\t\t\t\t\t<div class=\"elementor-image-box-wrapper\"><figure class=\"elementor-image-box-img\"><a href=\"https:\/\/www.estadisticaciudad.gob.ar\/eyc\/?page_id=164736\" tabindex=\"-1\"><img decoding=\"async\" width=\"1\" height=\"1\" src=\"https:\/\/www.estadisticaciudad.gob.ar\/eyc\/wp-content\/uploads\/2024\/02\/icon-grafico.svg\" class=\"elementor-animation-grow attachment-full size-full wp-image-149802\" alt=\"\" \/><\/a><\/figure><div class=\"elementor-image-box-content\"><h3 class=\"elementor-image-box-title\"><a href=\"https:\/\/www.estadisticaciudad.gob.ar\/eyc\/?page_id=164736\">G.5<\/a><\/h3><p class=\"elementor-image-box-description\">Porcentaje de la poblaci\u00f3n ocupada en empleo privado formal en cargos directivos y jefaturas por sexo. Ciudad de Buenos Aires. A\u00f1os 2015-2020-2023<\/p><\/div><\/div>\t\t\t\t<\/div>\n\t\t\t\t<\/div>\n\t\t\t\t\t<\/div>\n\t\t<\/div>\n\t\t\t\t<div class=\"elementor-column elementor-col-20 elementor-inner-column elementor-element elementor-element-10e6b0a\" data-id=\"10e6b0a\" data-element_type=\"column\" data-e-type=\"column\">\n\t\t\t<div class=\"elementor-widget-wrap elementor-element-populated\">\n\t\t\t\t\t\t<div class=\"elementor-element elementor-element-97314c7 elementor-position-top elementor-widget elementor-widget-image-box\" data-id=\"97314c7\" data-element_type=\"widget\" data-e-type=\"widget\" id=\"G6\" data-widget_type=\"image-box.default\">\n\t\t\t\t<div class=\"elementor-widget-container\">\n\t\t\t\t\t<div class=\"elementor-image-box-wrapper\"><figure class=\"elementor-image-box-img\"><a href=\"https:\/\/www.estadisticaciudad.gob.ar\/eyc\/?page_id=164740\" tabindex=\"-1\"><img decoding=\"async\" width=\"1\" height=\"1\" src=\"https:\/\/www.estadisticaciudad.gob.ar\/eyc\/wp-content\/uploads\/2024\/02\/icon-grafico.svg\" class=\"elementor-animation-grow attachment-full size-full wp-image-149802\" alt=\"\" \/><\/a><\/figure><div class=\"elementor-image-box-content\"><h3 class=\"elementor-image-box-title\"><a href=\"https:\/\/www.estadisticaciudad.gob.ar\/eyc\/?page_id=164740\">G.6<\/a><\/h3><p class=\"elementor-image-box-description\">Porcentaje de la poblaci\u00f3n asalariada sin descuento jubilatorio por sexo. Ciudad de Buenos Aires. A\u00f1os 2015-2020-2023<\/p><\/div><\/div>\t\t\t\t<\/div>\n\t\t\t\t<\/div>\n\t\t\t\t\t<\/div>\n\t\t<\/div>\n\t\t\t\t<div class=\"elementor-column elementor-col-20 elementor-inner-column elementor-element elementor-element-5532589\" data-id=\"5532589\" data-element_type=\"column\" data-e-type=\"column\">\n\t\t\t<div class=\"elementor-widget-wrap\">\n\t\t\t\t\t\t\t<\/div>\n\t\t<\/div>\n\t\t\t\t\t<\/div>\n\t\t<\/section>\n\t\t\t\t<div class=\"elementor-element elementor-element-ab10d7c elementor-widget-divider--view-line elementor-widget elementor-widget-divider\" data-id=\"ab10d7c\" data-element_type=\"widget\" data-e-type=\"widget\" data-widget_type=\"divider.default\">\n\t\t\t\t<div class=\"elementor-widget-container\">\n\t\t\t\t\t\t\t<div class=\"elementor-divider\">\n\t\t\t<span class=\"elementor-divider-separator\">\n\t\t\t\t\t\t<\/span>\n\t\t<\/div>\n\t\t\t\t\t\t<\/div>\n\t\t\t\t<\/div>\n\t\t\t\t\t<\/div>\n\t\t<\/div>\n\t\t\t\t\t<\/div>\n\t\t<\/section>\n\t\t\t\t<section class=\"elementor-section elementor-top-section elementor-element elementor-element-5b12941 elementor-section-boxed elementor-section-height-default elementor-section-height-default\" data-id=\"5b12941\" data-element_type=\"section\" data-e-type=\"section\" id=\"TNR\">\n\t\t\t\t\t\t<div class=\"elementor-container elementor-column-gap-default\">\n\t\t\t\t\t<div class=\"elementor-column elementor-col-100 elementor-top-column elementor-element elementor-element-96a71e6\" data-id=\"96a71e6\" data-element_type=\"column\" data-e-type=\"column\">\n\t\t\t<div class=\"elementor-widget-wrap elementor-element-populated\">\n\t\t\t\t\t\t<div class=\"elementor-element elementor-element-7489d37 elementor-widget elementor-widget-heading\" data-id=\"7489d37\" data-element_type=\"widget\" data-e-type=\"widget\" data-widget_type=\"heading.default\">\n\t\t\t\t<div class=\"elementor-widget-container\">\n\t\t\t\t\t<h2 class=\"elementor-heading-title elementor-size-default\">Trabajo no remunerado\n<\/h2>\t\t\t\t<\/div>\n\t\t\t\t<\/div>\n\t\t\t\t<section class=\"elementor-section elementor-inner-section elementor-element elementor-element-9885307 elementor-section-boxed elementor-section-height-default elementor-section-height-default\" data-id=\"9885307\" data-element_type=\"section\" data-e-type=\"section\">\n\t\t\t\t\t\t<div class=\"elementor-container elementor-column-gap-default\">\n\t\t\t\t\t<div class=\"elementor-column elementor-col-25 elementor-inner-column elementor-element elementor-element-8fe13b1\" data-id=\"8fe13b1\" data-element_type=\"column\" data-e-type=\"column\">\n\t\t\t<div class=\"elementor-widget-wrap\">\n\t\t\t\t\t\t\t<\/div>\n\t\t<\/div>\n\t\t\t\t<div class=\"elementor-column elementor-col-25 elementor-inner-column elementor-element elementor-element-93af270\" data-id=\"93af270\" data-element_type=\"column\" data-e-type=\"column\">\n\t\t\t<div class=\"elementor-widget-wrap elementor-element-populated\">\n\t\t\t\t\t\t<div class=\"elementor-element elementor-element-f49045d elementor-position-top elementor-widget elementor-widget-image-box\" data-id=\"f49045d\" data-element_type=\"widget\" data-e-type=\"widget\" id=\"G7\" data-widget_type=\"image-box.default\">\n\t\t\t\t<div class=\"elementor-widget-container\">\n\t\t\t\t\t<div class=\"elementor-image-box-wrapper\"><figure class=\"elementor-image-box-img\"><a href=\"https:\/\/www.estadisticaciudad.gob.ar\/eyc\/?page_id=164744\" tabindex=\"-1\"><img decoding=\"async\" width=\"1\" height=\"1\" src=\"https:\/\/www.estadisticaciudad.gob.ar\/eyc\/wp-content\/uploads\/2024\/02\/icon-grafico.svg\" class=\"elementor-animation-grow attachment-full size-full wp-image-149802\" alt=\"\" \/><\/a><\/figure><div class=\"elementor-image-box-content\"><h3 class=\"elementor-image-box-title\"><a href=\"https:\/\/www.estadisticaciudad.gob.ar\/eyc\/?page_id=164744\">G.7<\/a><\/h3><p class=\"elementor-image-box-description\">Tasa de participaci\u00f3n en actividades de cuidado no remunerado (cuidado de componentes del hogar, trabajo dom\u00e9stico y ayuda en otros hogares y para la comunidad) por sexo. Ciudad de Buenos Aires. A\u00f1os 2016\/2023<\/p><\/div><\/div>\t\t\t\t<\/div>\n\t\t\t\t<\/div>\n\t\t\t\t\t<\/div>\n\t\t<\/div>\n\t\t\t\t<div class=\"elementor-column elementor-col-25 elementor-inner-column elementor-element elementor-element-cb59b75\" data-id=\"cb59b75\" data-element_type=\"column\" data-e-type=\"column\">\n\t\t\t<div class=\"elementor-widget-wrap elementor-element-populated\">\n\t\t\t\t\t\t<div class=\"elementor-element elementor-element-f901fd8 elementor-position-top elementor-widget elementor-widget-image-box\" data-id=\"f901fd8\" data-element_type=\"widget\" data-e-type=\"widget\" id=\"G8\" data-widget_type=\"image-box.default\">\n\t\t\t\t<div class=\"elementor-widget-container\">\n\t\t\t\t\t<div class=\"elementor-image-box-wrapper\"><figure class=\"elementor-image-box-img\"><a href=\"https:\/\/www.estadisticaciudad.gob.ar\/eyc\/?page_id=164749\" tabindex=\"-1\"><img decoding=\"async\" width=\"1\" height=\"1\" src=\"https:\/\/www.estadisticaciudad.gob.ar\/eyc\/wp-content\/uploads\/2024\/02\/icon-grafico.svg\" class=\"elementor-animation-grow attachment-full size-full wp-image-149802\" alt=\"\" \/><\/a><\/figure><div class=\"elementor-image-box-content\"><h3 class=\"elementor-image-box-title\"><a href=\"https:\/\/www.estadisticaciudad.gob.ar\/eyc\/?page_id=164749\">G.8<\/a><\/h3><p class=\"elementor-image-box-description\">Promedio de tiempo en actividades de cuidado no remunerado (cuidado de componentes del hogar, trabajo dom\u00e9stico y ayuda en otros hogares) por sexo. Ciudad de Buenos Aires. A\u00f1o 2023<\/p><\/div><\/div>\t\t\t\t<\/div>\n\t\t\t\t<\/div>\n\t\t\t\t\t<\/div>\n\t\t<\/div>\n\t\t\t\t<div class=\"elementor-column elementor-col-25 elementor-inner-column elementor-element elementor-element-97c06b4\" data-id=\"97c06b4\" data-element_type=\"column\" data-e-type=\"column\">\n\t\t\t<div class=\"elementor-widget-wrap\">\n\t\t\t\t\t\t\t<\/div>\n\t\t<\/div>\n\t\t\t\t\t<\/div>\n\t\t<\/section>\n\t\t\t\t<div class=\"elementor-element elementor-element-d450105 elementor-widget-divider--view-line elementor-widget elementor-widget-divider\" data-id=\"d450105\" data-element_type=\"widget\" data-e-type=\"widget\" data-widget_type=\"divider.default\">\n\t\t\t\t<div class=\"elementor-widget-container\">\n\t\t\t\t\t\t\t<div class=\"elementor-divider\">\n\t\t\t<span class=\"elementor-divider-separator\">\n\t\t\t\t\t\t<\/span>\n\t\t<\/div>\n\t\t\t\t\t\t<\/div>\n\t\t\t\t<\/div>\n\t\t\t\t\t<\/div>\n\t\t<\/div>\n\t\t\t\t\t<\/div>\n\t\t<\/section>\n\t\t\t\t<section class=\"elementor-section elementor-top-section elementor-element elementor-element-bbec585 elementor-section-boxed elementor-section-height-default elementor-section-height-default\" data-id=\"bbec585\" data-element_type=\"section\" data-e-type=\"section\">\n\t\t\t\t\t\t<div class=\"elementor-container elementor-column-gap-default\">\n\t\t\t\t\t<div class=\"elementor-column elementor-col-100 elementor-top-column elementor-element elementor-element-5013cd5\" data-id=\"5013cd5\" data-element_type=\"column\" data-e-type=\"column\">\n\t\t\t<div class=\"elementor-widget-wrap elementor-element-populated\">\n\t\t\t\t\t\t<section class=\"elementor-section elementor-inner-section elementor-element elementor-element-a47d0c9 elementor-section-full_width elementor-section-height-default elementor-section-height-default\" data-id=\"a47d0c9\" data-element_type=\"section\" data-e-type=\"section\" data-settings=\"{&quot;background_background&quot;:&quot;classic&quot;}\">\n\t\t\t\t\t\t<div class=\"elementor-container elementor-column-gap-default\">\n\t\t\t\t\t<div class=\"elementor-column elementor-col-50 elementor-inner-column elementor-element elementor-element-745b250\" data-id=\"745b250\" data-element_type=\"column\" data-e-type=\"column\">\n\t\t\t<div class=\"elementor-widget-wrap elementor-element-populated\">\n\t\t\t\t\t\t<div class=\"elementor-element elementor-element-356773c elementor-widget elementor-widget-heading\" data-id=\"356773c\" data-element_type=\"widget\" data-e-type=\"widget\" data-widget_type=\"heading.default\">\n\t\t\t\t<div class=\"elementor-widget-container\">\n\t\t\t\t\t<p class=\"elementor-heading-title elementor-size-default\">Autonom\u00eda f\u00edsica\n<\/p>\t\t\t\t<\/div>\n\t\t\t\t<\/div>\n\t\t\t\t\t<\/div>\n\t\t<\/div>\n\t\t\t\t<div class=\"elementor-column elementor-col-50 elementor-inner-column elementor-element elementor-element-269522c\" data-id=\"269522c\" data-element_type=\"column\" data-e-type=\"column\">\n\t\t\t<div class=\"elementor-widget-wrap elementor-element-populated\">\n\t\t\t\t\t\t<div class=\"elementor-element elementor-element-8815a73 elementor-widget elementor-widget-text-editor\" data-id=\"8815a73\" data-element_type=\"widget\" data-e-type=\"widget\" data-widget_type=\"text-editor.default\">\n\t\t\t\t<div class=\"elementor-widget-container\">\n\t\t\t\t\t\t\t\t\t<p>La autonom\u00eda f\u00edsica refiere a la capacidad que tienen las personas de actuar de acuerdo con su propia elecci\u00f3n y no seg\u00fan las decisiones de otros. Est\u00e1 relacionada con la capacidad de preservar su integridad, decidir y tener el control sobre su propio cuerpo, su sexualidad y fertilidad.<\/p><p>Para que las mujeres consigan su autonom\u00eda f\u00edsica, es necesario proporcionarles conocimientos sobre sus derechos sexuales y reproductivos, y asegurarle una vida sin violencia. Asimismo, es necesario proveer instrumentos que amparen su independencia, su salud y su seguridad.<\/p>\t\t\t\t\t\t\t\t<\/div>\n\t\t\t\t<\/div>\n\t\t\t\t\t<\/div>\n\t\t<\/div>\n\t\t\t\t\t<\/div>\n\t\t<\/section>\n\t\t\t\t\t<\/div>\n\t\t<\/div>\n\t\t\t\t\t<\/div>\n\t\t<\/section>\n\t\t\t\t<section class=\"elementor-section elementor-top-section elementor-element elementor-element-2761dc3 elementor-section-boxed elementor-section-height-default elementor-section-height-default\" data-id=\"2761dc3\" data-element_type=\"section\" data-e-type=\"section\" id=\"SSR\">\n\t\t\t\t\t\t<div class=\"elementor-container elementor-column-gap-default\">\n\t\t\t\t\t<div class=\"elementor-column elementor-col-100 elementor-top-column elementor-element elementor-element-12667f8\" data-id=\"12667f8\" data-element_type=\"column\" data-e-type=\"column\">\n\t\t\t<div class=\"elementor-widget-wrap elementor-element-populated\">\n\t\t\t\t\t\t<div class=\"elementor-element elementor-element-d46ca7c elementor-widget elementor-widget-heading\" data-id=\"d46ca7c\" data-element_type=\"widget\" data-e-type=\"widget\" data-widget_type=\"heading.default\">\n\t\t\t\t<div class=\"elementor-widget-container\">\n\t\t\t\t\t<h2 class=\"elementor-heading-title elementor-size-default\">Acceso a la salud sexual y reproductiva\n<\/h2>\t\t\t\t<\/div>\n\t\t\t\t<\/div>\n\t\t\t\t<section class=\"elementor-section elementor-inner-section elementor-element elementor-element-f099506 elementor-section-boxed elementor-section-height-default elementor-section-height-default\" data-id=\"f099506\" data-element_type=\"section\" data-e-type=\"section\">\n\t\t\t\t\t\t<div class=\"elementor-container elementor-column-gap-default\">\n\t\t\t\t\t<div class=\"elementor-column elementor-col-20 elementor-inner-column elementor-element elementor-element-0430c04\" data-id=\"0430c04\" data-element_type=\"column\" data-e-type=\"column\">\n\t\t\t<div class=\"elementor-widget-wrap\">\n\t\t\t\t\t\t\t<\/div>\n\t\t<\/div>\n\t\t\t\t<div class=\"elementor-column elementor-col-20 elementor-inner-column elementor-element elementor-element-b966229\" data-id=\"b966229\" data-element_type=\"column\" data-e-type=\"column\">\n\t\t\t<div class=\"elementor-widget-wrap\">\n\t\t\t\t\t\t\t<\/div>\n\t\t<\/div>\n\t\t\t\t<div class=\"elementor-column elementor-col-20 elementor-inner-column elementor-element elementor-element-fc1bc28\" data-id=\"fc1bc28\" data-element_type=\"column\" data-e-type=\"column\">\n\t\t\t<div class=\"elementor-widget-wrap elementor-element-populated\">\n\t\t\t\t\t\t<div class=\"elementor-element elementor-element-24fffd8 elementor-position-top elementor-widget elementor-widget-image-box\" data-id=\"24fffd8\" data-element_type=\"widget\" data-e-type=\"widget\" id=\"G9\" data-widget_type=\"image-box.default\">\n\t\t\t\t<div class=\"elementor-widget-container\">\n\t\t\t\t\t<div class=\"elementor-image-box-wrapper\"><figure class=\"elementor-image-box-img\"><a href=\"https:\/\/www.estadisticaciudad.gob.ar\/eyc\/?page_id=164753\" tabindex=\"-1\"><img decoding=\"async\" width=\"1\" height=\"1\" src=\"https:\/\/www.estadisticaciudad.gob.ar\/eyc\/wp-content\/uploads\/2024\/02\/icon-grafico.svg\" class=\"elementor-animation-grow attachment-full size-full wp-image-149802\" alt=\"\" \/><\/a><\/figure><div class=\"elementor-image-box-content\"><h3 class=\"elementor-image-box-title\"><a href=\"https:\/\/www.estadisticaciudad.gob.ar\/eyc\/?page_id=164753\">G.9<\/a><\/h3><p class=\"elementor-image-box-description\">Tasas de fecundidad por grupo de edad (por cada mil mujeres). Ciudad de Buenos Aires. A\u00f1os 2015-2020-2023<\/p><\/div><\/div>\t\t\t\t<\/div>\n\t\t\t\t<\/div>\n\t\t\t\t\t<\/div>\n\t\t<\/div>\n\t\t\t\t<div class=\"elementor-column elementor-col-20 elementor-inner-column elementor-element elementor-element-339929f\" data-id=\"339929f\" data-element_type=\"column\" data-e-type=\"column\">\n\t\t\t<div class=\"elementor-widget-wrap\">\n\t\t\t\t\t\t\t<\/div>\n\t\t<\/div>\n\t\t\t\t<div class=\"elementor-column elementor-col-20 elementor-inner-column elementor-element elementor-element-acdf9b7\" data-id=\"acdf9b7\" data-element_type=\"column\" data-e-type=\"column\">\n\t\t\t<div class=\"elementor-widget-wrap\">\n\t\t\t\t\t\t\t<\/div>\n\t\t<\/div>\n\t\t\t\t\t<\/div>\n\t\t<\/section>\n\t\t\t\t<div class=\"elementor-element elementor-element-fea196c elementor-widget-divider--view-line elementor-widget elementor-widget-divider\" data-id=\"fea196c\" data-element_type=\"widget\" data-e-type=\"widget\" data-widget_type=\"divider.default\">\n\t\t\t\t<div class=\"elementor-widget-container\">\n\t\t\t\t\t\t\t<div class=\"elementor-divider\">\n\t\t\t<span class=\"elementor-divider-separator\">\n\t\t\t\t\t\t<\/span>\n\t\t<\/div>\n\t\t\t\t\t\t<\/div>\n\t\t\t\t<\/div>\n\t\t\t\t\t<\/div>\n\t\t<\/div>\n\t\t\t\t\t<\/div>\n\t\t<\/section>\n\t\t\t\t<section class=\"elementor-section elementor-top-section elementor-element elementor-element-3d155f8 elementor-section-boxed elementor-section-height-default elementor-section-height-default\" data-id=\"3d155f8\" data-element_type=\"section\" data-e-type=\"section\" id=\"VG\">\n\t\t\t\t\t\t<div class=\"elementor-container elementor-column-gap-default\">\n\t\t\t\t\t<div class=\"elementor-column elementor-col-100 elementor-top-column elementor-element elementor-element-c108b5c\" data-id=\"c108b5c\" data-element_type=\"column\" data-e-type=\"column\">\n\t\t\t<div class=\"elementor-widget-wrap elementor-element-populated\">\n\t\t\t\t\t\t<div class=\"elementor-element elementor-element-3f1ee78 elementor-widget elementor-widget-heading\" data-id=\"3f1ee78\" data-element_type=\"widget\" data-e-type=\"widget\" data-widget_type=\"heading.default\">\n\t\t\t\t<div class=\"elementor-widget-container\">\n\t\t\t\t\t<h2 class=\"elementor-heading-title elementor-size-default\">Violencia de g\u00e9nero<\/h2>\t\t\t\t<\/div>\n\t\t\t\t<\/div>\n\t\t\t\t<section class=\"elementor-section elementor-inner-section elementor-element elementor-element-4427791 elementor-section-boxed elementor-section-height-default elementor-section-height-default\" data-id=\"4427791\" data-element_type=\"section\" data-e-type=\"section\">\n\t\t\t\t\t\t<div class=\"elementor-container elementor-column-gap-default\">\n\t\t\t\t\t<div class=\"elementor-column elementor-col-25 elementor-inner-column elementor-element elementor-element-9a73541\" data-id=\"9a73541\" data-element_type=\"column\" data-e-type=\"column\">\n\t\t\t<div class=\"elementor-widget-wrap elementor-element-populated\">\n\t\t\t\t\t\t<div class=\"elementor-element elementor-element-081cb48 elementor-position-top elementor-widget elementor-widget-image-box\" data-id=\"081cb48\" data-element_type=\"widget\" data-e-type=\"widget\" id=\"G10\" data-widget_type=\"image-box.default\">\n\t\t\t\t<div class=\"elementor-widget-container\">\n\t\t\t\t\t<div class=\"elementor-image-box-wrapper\"><figure class=\"elementor-image-box-img\"><a href=\"https:\/\/www.estadisticaciudad.gob.ar\/eyc\/?page_id=164757\" tabindex=\"-1\"><img decoding=\"async\" width=\"1\" height=\"1\" src=\"https:\/\/www.estadisticaciudad.gob.ar\/eyc\/wp-content\/uploads\/2024\/02\/icon-grafico.svg\" class=\"elementor-animation-grow attachment-full size-full wp-image-149802\" alt=\"\" \/><\/a><\/figure><div class=\"elementor-image-box-content\"><h3 class=\"elementor-image-box-title\"><a href=\"https:\/\/www.estadisticaciudad.gob.ar\/eyc\/?page_id=164757\">G.10<\/a><\/h3><p class=\"elementor-image-box-description\">Porcentaje de mujeres de 18 a\u00f1os y m\u00e1s que sufrieron alg\u00fan tipo de violencia (psicol\u00f3gica, econ\u00f3mica, f\u00edsica o sexual) por parte de alguna pareja, actual o anterior. Ciudad de Buenos Aires. A\u00f1os 2018\/2023<\/p><\/div><\/div>\t\t\t\t<\/div>\n\t\t\t\t<\/div>\n\t\t\t\t\t<\/div>\n\t\t<\/div>\n\t\t\t\t<div class=\"elementor-column elementor-col-25 elementor-inner-column elementor-element elementor-element-ec6676f\" data-id=\"ec6676f\" data-element_type=\"column\" data-e-type=\"column\">\n\t\t\t<div class=\"elementor-widget-wrap elementor-element-populated\">\n\t\t\t\t\t\t<div class=\"elementor-element elementor-element-fcc2f23 elementor-position-top elementor-widget elementor-widget-image-box\" data-id=\"fcc2f23\" data-element_type=\"widget\" data-e-type=\"widget\" id=\"G11\" data-widget_type=\"image-box.default\">\n\t\t\t\t<div class=\"elementor-widget-container\">\n\t\t\t\t\t<div class=\"elementor-image-box-wrapper\"><figure class=\"elementor-image-box-img\"><a href=\"https:\/\/www.estadisticaciudad.gob.ar\/eyc\/?page_id=164766\" tabindex=\"-1\"><img decoding=\"async\" width=\"1\" height=\"1\" src=\"https:\/\/www.estadisticaciudad.gob.ar\/eyc\/wp-content\/uploads\/2024\/02\/icon-grafico.svg\" class=\"elementor-animation-grow attachment-full size-full wp-image-149802\" alt=\"\" \/><\/a><\/figure><div class=\"elementor-image-box-content\"><h3 class=\"elementor-image-box-title\"><a href=\"https:\/\/www.estadisticaciudad.gob.ar\/eyc\/?page_id=164766\">G.11<\/a><\/h3><p class=\"elementor-image-box-description\">Porcentaje de mujeres de 18 a\u00f1os y m\u00e1s que conocen distintos dispositivos institucionales y mecanismos de difusi\u00f3n destinados a las v\u00edctimas de violencia de g\u00e9nero. Ciudad de Buenos Aires. A\u00f1o 2023<\/p><\/div><\/div>\t\t\t\t<\/div>\n\t\t\t\t<\/div>\n\t\t\t\t\t<\/div>\n\t\t<\/div>\n\t\t\t\t<div class=\"elementor-column elementor-col-25 elementor-inner-column elementor-element elementor-element-ec6f67f\" data-id=\"ec6f67f\" data-element_type=\"column\" data-e-type=\"column\">\n\t\t\t<div class=\"elementor-widget-wrap elementor-element-populated\">\n\t\t\t\t\t\t<div class=\"elementor-element elementor-element-9290b10 elementor-position-top elementor-widget elementor-widget-image-box\" data-id=\"9290b10\" data-element_type=\"widget\" data-e-type=\"widget\" id=\"G12\" data-widget_type=\"image-box.default\">\n\t\t\t\t<div class=\"elementor-widget-container\">\n\t\t\t\t\t<div class=\"elementor-image-box-wrapper\"><figure class=\"elementor-image-box-img\"><a href=\"https:\/\/www.estadisticaciudad.gob.ar\/eyc\/?page_id=164770\" tabindex=\"-1\"><img decoding=\"async\" width=\"1\" height=\"1\" src=\"https:\/\/www.estadisticaciudad.gob.ar\/eyc\/wp-content\/uploads\/2024\/02\/icon-grafico.svg\" class=\"elementor-animation-grow attachment-full size-full wp-image-149802\" alt=\"\" \/><\/a><\/figure><div class=\"elementor-image-box-content\"><h3 class=\"elementor-image-box-title\"><a href=\"https:\/\/www.estadisticaciudad.gob.ar\/eyc\/?page_id=164770\">G.12<\/a><\/h3><p class=\"elementor-image-box-description\"> Porcentaje de mujeres de 18 a\u00f1os y m\u00e1s que declaran haber sufrido un hecho de violencia y que acudieron a cada servicio de asistencia. Ciudad de Buenos Aires. A\u00f1o 2023 <\/p><\/div><\/div>\t\t\t\t<\/div>\n\t\t\t\t<\/div>\n\t\t\t\t\t<\/div>\n\t\t<\/div>\n\t\t\t\t<div class=\"elementor-column elementor-col-25 elementor-inner-column elementor-element elementor-element-b641230\" data-id=\"b641230\" data-element_type=\"column\" data-e-type=\"column\">\n\t\t\t<div class=\"elementor-widget-wrap elementor-element-populated\">\n\t\t\t\t\t\t<div class=\"elementor-element elementor-element-89f8cd9 elementor-position-top elementor-widget elementor-widget-image-box\" data-id=\"89f8cd9\" data-element_type=\"widget\" data-e-type=\"widget\" id=\"G13\" data-widget_type=\"image-box.default\">\n\t\t\t\t<div class=\"elementor-widget-container\">\n\t\t\t\t\t<div class=\"elementor-image-box-wrapper\"><figure class=\"elementor-image-box-img\"><a href=\"https:\/\/www.estadisticaciudad.gob.ar\/eyc\/?page_id=164774\" tabindex=\"-1\"><img decoding=\"async\" width=\"1\" height=\"1\" src=\"https:\/\/www.estadisticaciudad.gob.ar\/eyc\/wp-content\/uploads\/2024\/02\/icon-grafico.svg\" class=\"elementor-animation-grow attachment-full size-full wp-image-149802\" alt=\"\" \/><\/a><\/figure><div class=\"elementor-image-box-content\"><h3 class=\"elementor-image-box-title\"><a href=\"https:\/\/www.estadisticaciudad.gob.ar\/eyc\/?page_id=164774\">G.13<\/a><\/h3><p class=\"elementor-image-box-description\">Porcentaje de mujeres de 18 a\u00f1os y m\u00e1s que reconocen haber sufrido alguna situaci\u00f3n de violencia seg\u00fan principales motivos por los que no realizar\u00f3n denuncia en el sistema judicial. Ciudad de Buenos Aires. A\u00f1o 2023<\/p><\/div><\/div>\t\t\t\t<\/div>\n\t\t\t\t<\/div>\n\t\t\t\t\t<\/div>\n\t\t<\/div>\n\t\t\t\t\t<\/div>\n\t\t<\/section>\n\t\t\t\t<div class=\"elementor-element elementor-element-75eb0e8 elementor-widget-divider--view-line elementor-widget elementor-widget-divider\" data-id=\"75eb0e8\" data-element_type=\"widget\" data-e-type=\"widget\" data-widget_type=\"divider.default\">\n\t\t\t\t<div class=\"elementor-widget-container\">\n\t\t\t\t\t\t\t<div class=\"elementor-divider\">\n\t\t\t<span class=\"elementor-divider-separator\">\n\t\t\t\t\t\t<\/span>\n\t\t<\/div>\n\t\t\t\t\t\t<\/div>\n\t\t\t\t<\/div>\n\t\t\t\t\t<\/div>\n\t\t<\/div>\n\t\t\t\t\t<\/div>\n\t\t<\/section>\n\t\t\t\t<section class=\"elementor-section elementor-top-section elementor-element elementor-element-d041b74 elementor-section-boxed elementor-section-height-default elementor-section-height-default\" data-id=\"d041b74\" data-element_type=\"section\" data-e-type=\"section\">\n\t\t\t\t\t\t<div class=\"elementor-container elementor-column-gap-default\">\n\t\t\t\t\t<div class=\"elementor-column elementor-col-100 elementor-top-column elementor-element elementor-element-b61adcb\" data-id=\"b61adcb\" data-element_type=\"column\" data-e-type=\"column\">\n\t\t\t<div class=\"elementor-widget-wrap elementor-element-populated\">\n\t\t\t\t\t\t<section class=\"elementor-section elementor-inner-section elementor-element elementor-element-f2fd792 elementor-section-full_width elementor-section-height-default elementor-section-height-default\" data-id=\"f2fd792\" data-element_type=\"section\" data-e-type=\"section\" data-settings=\"{&quot;background_background&quot;:&quot;classic&quot;}\">\n\t\t\t\t\t\t<div class=\"elementor-container elementor-column-gap-default\">\n\t\t\t\t\t<div class=\"elementor-column elementor-col-50 elementor-inner-column elementor-element elementor-element-7274486\" data-id=\"7274486\" data-element_type=\"column\" data-e-type=\"column\">\n\t\t\t<div class=\"elementor-widget-wrap elementor-element-populated\">\n\t\t\t\t\t\t<div class=\"elementor-element elementor-element-323e916 elementor-widget elementor-widget-heading\" data-id=\"323e916\" data-element_type=\"widget\" data-e-type=\"widget\" data-widget_type=\"heading.default\">\n\t\t\t\t<div class=\"elementor-widget-container\">\n\t\t\t\t\t<p class=\"elementor-heading-title elementor-size-default\">Autonom\u00eda en la toma\nde decisiones<\/p>\t\t\t\t<\/div>\n\t\t\t\t<\/div>\n\t\t\t\t\t<\/div>\n\t\t<\/div>\n\t\t\t\t<div class=\"elementor-column elementor-col-50 elementor-inner-column elementor-element elementor-element-14dc0ca\" data-id=\"14dc0ca\" data-element_type=\"column\" data-e-type=\"column\">\n\t\t\t<div class=\"elementor-widget-wrap elementor-element-populated\">\n\t\t\t\t\t\t<div class=\"elementor-element elementor-element-4efc74d elementor-widget elementor-widget-text-editor\" data-id=\"4efc74d\" data-element_type=\"widget\" data-e-type=\"widget\" data-widget_type=\"text-editor.default\">\n\t\t\t\t<div class=\"elementor-widget-container\">\n\t\t\t\t\t\t\t\t\t<p>La autonom\u00eda en la toma de decisiones refiere a la presencia de las mujeres en los distintos niveles de los poderes del Estado de la Ciudad de Buenos Aires. La aspiraci\u00f3n es alcanzar una democracia paritaria en la cual, la igualdad sustantiva y la paridad entre hombres y mujeres se constituyan en ejes vertebradores de las transformaciones impulsadas por Estados inclusivos. A continuacion se incluyen indicadores que dan cuenta de las mejoras en la participaci\u00f3n en cargos electivos y los pendientes en cuanto a los espacios de toma de decisiones.<\/p>\t\t\t\t\t\t\t\t<\/div>\n\t\t\t\t<\/div>\n\t\t\t\t\t<\/div>\n\t\t<\/div>\n\t\t\t\t\t<\/div>\n\t\t<\/section>\n\t\t\t\t\t<\/div>\n\t\t<\/div>\n\t\t\t\t\t<\/div>\n\t\t<\/section>\n\t\t\t\t<section class=\"elementor-section elementor-top-section elementor-element elementor-element-78950d2 elementor-section-boxed elementor-section-height-default elementor-section-height-default\" data-id=\"78950d2\" data-element_type=\"section\" data-e-type=\"section\" id=\"PP\">\n\t\t\t\t\t\t<div class=\"elementor-container elementor-column-gap-default\">\n\t\t\t\t\t<div class=\"elementor-column elementor-col-100 elementor-top-column elementor-element elementor-element-5e565cf\" data-id=\"5e565cf\" data-element_type=\"column\" data-e-type=\"column\">\n\t\t\t<div class=\"elementor-widget-wrap elementor-element-populated\">\n\t\t\t\t\t\t<div class=\"elementor-element elementor-element-17ad986 elementor-widget elementor-widget-heading\" data-id=\"17ad986\" data-element_type=\"widget\" data-e-type=\"widget\" data-widget_type=\"heading.default\">\n\t\t\t\t<div class=\"elementor-widget-container\">\n\t\t\t\t\t<h2 class=\"elementor-heading-title elementor-size-default\">Participaci\u00f3n en pol\u00edtica\n<\/h2>\t\t\t\t<\/div>\n\t\t\t\t<\/div>\n\t\t\t\t<section class=\"elementor-section elementor-inner-section elementor-element elementor-element-0713911 elementor-section-boxed elementor-section-height-default elementor-section-height-default\" data-id=\"0713911\" data-element_type=\"section\" data-e-type=\"section\">\n\t\t\t\t\t\t<div class=\"elementor-container elementor-column-gap-default\">\n\t\t\t\t\t<div class=\"elementor-column elementor-col-25 elementor-inner-column elementor-element elementor-element-2fc1605\" data-id=\"2fc1605\" data-element_type=\"column\" data-e-type=\"column\">\n\t\t\t<div class=\"elementor-widget-wrap\">\n\t\t\t\t\t\t\t<\/div>\n\t\t<\/div>\n\t\t\t\t<div class=\"elementor-column elementor-col-25 elementor-inner-column elementor-element elementor-element-3fa2682\" data-id=\"3fa2682\" data-element_type=\"column\" data-e-type=\"column\">\n\t\t\t<div class=\"elementor-widget-wrap elementor-element-populated\">\n\t\t\t\t\t\t<div class=\"elementor-element elementor-element-4a1da8b elementor-position-top elementor-widget elementor-widget-image-box\" data-id=\"4a1da8b\" data-element_type=\"widget\" data-e-type=\"widget\" id=\"G14\" data-widget_type=\"image-box.default\">\n\t\t\t\t<div class=\"elementor-widget-container\">\n\t\t\t\t\t<div class=\"elementor-image-box-wrapper\"><figure class=\"elementor-image-box-img\"><a href=\"https:\/\/www.estadisticaciudad.gob.ar\/eyc\/?page_id=164778\" tabindex=\"-1\"><img decoding=\"async\" width=\"1\" height=\"1\" src=\"https:\/\/www.estadisticaciudad.gob.ar\/eyc\/wp-content\/uploads\/2024\/02\/icon-grafico.svg\" class=\"elementor-animation-grow attachment-full size-full wp-image-149802\" alt=\"\" \/><\/a><\/figure><div class=\"elementor-image-box-content\"><h3 class=\"elementor-image-box-title\"><a href=\"https:\/\/www.estadisticaciudad.gob.ar\/eyc\/?page_id=164778\">G.14<\/a><\/h3><p class=\"elementor-image-box-description\">Porcentaje de legisladoras y porcentaje de comisiones presididas por mujeres de la Legislatura de la Ciudad de Buenos Aires. A\u00f1os 2015-2020-2023<\/p><\/div><\/div>\t\t\t\t<\/div>\n\t\t\t\t<\/div>\n\t\t\t\t\t<\/div>\n\t\t<\/div>\n\t\t\t\t<div class=\"elementor-column elementor-col-25 elementor-inner-column elementor-element elementor-element-eb72996\" data-id=\"eb72996\" data-element_type=\"column\" data-e-type=\"column\">\n\t\t\t<div class=\"elementor-widget-wrap elementor-element-populated\">\n\t\t\t\t\t\t<div class=\"elementor-element elementor-element-4ca35c4 elementor-position-top elementor-widget elementor-widget-image-box\" data-id=\"4ca35c4\" data-element_type=\"widget\" data-e-type=\"widget\" id=\"G15\" data-widget_type=\"image-box.default\">\n\t\t\t\t<div class=\"elementor-widget-container\">\n\t\t\t\t\t<div class=\"elementor-image-box-wrapper\"><figure class=\"elementor-image-box-img\"><a href=\"https:\/\/www.estadisticaciudad.gob.ar\/eyc\/?page_id=164783\" tabindex=\"-1\"><img decoding=\"async\" width=\"1\" height=\"1\" src=\"https:\/\/www.estadisticaciudad.gob.ar\/eyc\/wp-content\/uploads\/2024\/02\/icon-grafico.svg\" class=\"elementor-animation-grow attachment-full size-full wp-image-149802\" alt=\"\" \/><\/a><\/figure><div class=\"elementor-image-box-content\"><h3 class=\"elementor-image-box-title\"><a href=\"https:\/\/www.estadisticaciudad.gob.ar\/eyc\/?page_id=164783\">G.15<\/a><\/h3><p class=\"elementor-image-box-description\">Porcentaje de presidencias de las Juntas Comunales de la Ciudad de Buenos Aires ocupadas por mujeres. Ciudad de Buenos Aires. A\u00f1os 2019-2020-2023<\/p><\/div><\/div>\t\t\t\t<\/div>\n\t\t\t\t<\/div>\n\t\t\t\t\t<\/div>\n\t\t<\/div>\n\t\t\t\t<div class=\"elementor-column elementor-col-25 elementor-inner-column elementor-element elementor-element-b669ce2\" data-id=\"b669ce2\" data-element_type=\"column\" data-e-type=\"column\">\n\t\t\t<div class=\"elementor-widget-wrap\">\n\t\t\t\t\t\t\t<\/div>\n\t\t<\/div>\n\t\t\t\t\t<\/div>\n\t\t<\/section>\n\t\t\t\t<div class=\"elementor-element elementor-element-6345ee0 elementor-widget-divider--view-line elementor-widget elementor-widget-divider\" data-id=\"6345ee0\" data-element_type=\"widget\" data-e-type=\"widget\" data-widget_type=\"divider.default\">\n\t\t\t\t<div class=\"elementor-widget-container\">\n\t\t\t\t\t\t\t<div class=\"elementor-divider\">\n\t\t\t<span class=\"elementor-divider-separator\">\n\t\t\t\t\t\t<\/span>\n\t\t<\/div>\n\t\t\t\t\t\t<\/div>\n\t\t\t\t<\/div>\n\t\t\t\t\t<\/div>\n\t\t<\/div>\n\t\t\t\t\t<\/div>\n\t\t<\/section>\n\t\t\t\t<section class=\"elementor-section elementor-top-section elementor-element elementor-element-99920ed elementor-section-boxed elementor-section-height-default elementor-section-height-default\" data-id=\"99920ed\" data-element_type=\"section\" data-e-type=\"section\" id=\"PPD\">\n\t\t\t\t\t\t<div class=\"elementor-container elementor-column-gap-default\">\n\t\t\t\t\t<div class=\"elementor-column elementor-col-100 elementor-top-column elementor-element elementor-element-b063b46\" data-id=\"b063b46\" data-element_type=\"column\" data-e-type=\"column\">\n\t\t\t<div class=\"elementor-widget-wrap elementor-element-populated\">\n\t\t\t\t\t\t<div class=\"elementor-element elementor-element-73bee4b elementor-widget elementor-widget-heading\" data-id=\"73bee4b\" data-element_type=\"widget\" data-e-type=\"widget\" data-widget_type=\"heading.default\">\n\t\t\t\t<div class=\"elementor-widget-container\">\n\t\t\t\t\t<h2 class=\"elementor-heading-title elementor-size-default\">Participaci\u00f3n en puestos de decisi\u00f3n\n<\/h2>\t\t\t\t<\/div>\n\t\t\t\t<\/div>\n\t\t\t\t<section class=\"elementor-section elementor-inner-section elementor-element elementor-element-0aa65f9 elementor-section-boxed elementor-section-height-default elementor-section-height-default\" data-id=\"0aa65f9\" data-element_type=\"section\" data-e-type=\"section\">\n\t\t\t\t\t\t<div class=\"elementor-container elementor-column-gap-default\">\n\t\t\t\t\t<div class=\"elementor-column elementor-col-20 elementor-inner-column elementor-element elementor-element-710fc21\" data-id=\"710fc21\" data-element_type=\"column\" data-e-type=\"column\">\n\t\t\t<div class=\"elementor-widget-wrap\">\n\t\t\t\t\t\t\t<\/div>\n\t\t<\/div>\n\t\t\t\t<div class=\"elementor-column elementor-col-20 elementor-inner-column elementor-element elementor-element-b454e19\" data-id=\"b454e19\" data-element_type=\"column\" data-e-type=\"column\">\n\t\t\t<div class=\"elementor-widget-wrap elementor-element-populated\">\n\t\t\t\t\t\t<div class=\"elementor-element elementor-element-81ac1a8 elementor-position-top elementor-widget elementor-widget-image-box\" data-id=\"81ac1a8\" data-element_type=\"widget\" data-e-type=\"widget\" id=\"G16\" data-widget_type=\"image-box.default\">\n\t\t\t\t<div class=\"elementor-widget-container\">\n\t\t\t\t\t<div class=\"elementor-image-box-wrapper\"><figure class=\"elementor-image-box-img\"><a href=\"https:\/\/www.estadisticaciudad.gob.ar\/eyc\/?page_id=164782\" tabindex=\"-1\"><img decoding=\"async\" width=\"1\" height=\"1\" src=\"https:\/\/www.estadisticaciudad.gob.ar\/eyc\/wp-content\/uploads\/2024\/02\/icon-grafico.svg\" class=\"elementor-animation-grow attachment-full size-full wp-image-149802\" alt=\"\" \/><\/a><\/figure><div class=\"elementor-image-box-content\"><h3 class=\"elementor-image-box-title\"><a href=\"https:\/\/www.estadisticaciudad.gob.ar\/eyc\/?page_id=164782\">G.16<\/a><\/h3><p class=\"elementor-image-box-description\">Porcentaje de cargos superiores en el Gobierno de la Ciudad de Buenos Aires ocupados por mujeres. Ciudad de Buenos Aires. A\u00f1os 2016-2020-2023<\/p><\/div><\/div>\t\t\t\t<\/div>\n\t\t\t\t<\/div>\n\t\t\t\t\t<\/div>\n\t\t<\/div>\n\t\t\t\t<div class=\"elementor-column elementor-col-20 elementor-inner-column elementor-element elementor-element-10040a4\" data-id=\"10040a4\" data-element_type=\"column\" data-e-type=\"column\">\n\t\t\t<div class=\"elementor-widget-wrap elementor-element-populated\">\n\t\t\t\t\t\t<div class=\"elementor-element elementor-element-78fb2dd elementor-position-top elementor-widget elementor-widget-image-box\" data-id=\"78fb2dd\" data-element_type=\"widget\" data-e-type=\"widget\" id=\"G17\" data-widget_type=\"image-box.default\">\n\t\t\t\t<div class=\"elementor-widget-container\">\n\t\t\t\t\t<div class=\"elementor-image-box-wrapper\"><figure class=\"elementor-image-box-img\"><a href=\"https:\/\/www.estadisticaciudad.gob.ar\/eyc\/?page_id=164790\" tabindex=\"-1\"><img decoding=\"async\" width=\"1\" height=\"1\" src=\"https:\/\/www.estadisticaciudad.gob.ar\/eyc\/wp-content\/uploads\/2024\/02\/icon-grafico.svg\" class=\"elementor-animation-grow attachment-full size-full wp-image-149802\" alt=\"\" \/><\/a><\/figure><div class=\"elementor-image-box-content\"><h3 class=\"elementor-image-box-title\"><a href=\"https:\/\/www.estadisticaciudad.gob.ar\/eyc\/?page_id=164790\">G.17<\/a><\/h3><p class=\"elementor-image-box-description\">Porcentaje de gerencias y cargos superiores de empresas p\u00fablicas ocupados por mujeres. Ciudad de Buenos Aires. A\u00f1os 2018-2020-2023<\/p><\/div><\/div>\t\t\t\t<\/div>\n\t\t\t\t<\/div>\n\t\t\t\t\t<\/div>\n\t\t<\/div>\n\t\t\t\t<div class=\"elementor-column elementor-col-20 elementor-inner-column elementor-element elementor-element-7415563\" data-id=\"7415563\" data-element_type=\"column\" data-e-type=\"column\">\n\t\t\t<div class=\"elementor-widget-wrap elementor-element-populated\">\n\t\t\t\t\t\t<div class=\"elementor-element elementor-element-8639471 elementor-position-top elementor-widget elementor-widget-image-box\" data-id=\"8639471\" data-element_type=\"widget\" data-e-type=\"widget\" id=\"G18\" data-widget_type=\"image-box.default\">\n\t\t\t\t<div class=\"elementor-widget-container\">\n\t\t\t\t\t<div class=\"elementor-image-box-wrapper\"><figure class=\"elementor-image-box-img\"><a href=\"https:\/\/www.estadisticaciudad.gob.ar\/eyc\/?page_id=164794\" tabindex=\"-1\"><img decoding=\"async\" width=\"1\" height=\"1\" src=\"https:\/\/www.estadisticaciudad.gob.ar\/eyc\/wp-content\/uploads\/2024\/02\/icon-grafico.svg\" class=\"elementor-animation-grow attachment-full size-full wp-image-149802\" alt=\"\" \/><\/a><\/figure><div class=\"elementor-image-box-content\"><h3 class=\"elementor-image-box-title\"><a href=\"https:\/\/www.estadisticaciudad.gob.ar\/eyc\/?page_id=164794\">G.18<\/a><\/h3><p class=\"elementor-image-box-description\">Porcentaje de magistradas (ministras, camaristas, juezas y juezas de paz) en el Tribunal Superior de Justicia y Consejo de la Magistratura de la Ciudad Aut\u00f3noma de Buenos Aires. A\u00f1os 2015-2020-2023<\/p><\/div><\/div>\t\t\t\t<\/div>\n\t\t\t\t<\/div>\n\t\t\t\t\t<\/div>\n\t\t<\/div>\n\t\t\t\t<div class=\"elementor-column elementor-col-20 elementor-inner-column elementor-element elementor-element-5c6f395\" data-id=\"5c6f395\" data-element_type=\"column\" data-e-type=\"column\">\n\t\t\t<div class=\"elementor-widget-wrap\">\n\t\t\t\t\t\t\t<\/div>\n\t\t<\/div>\n\t\t\t\t\t<\/div>\n\t\t<\/section>\n\t\t\t\t<div class=\"elementor-element elementor-element-08993db elementor-widget-divider--view-line elementor-widget elementor-widget-divider\" data-id=\"08993db\" data-element_type=\"widget\" data-e-type=\"widget\" data-widget_type=\"divider.default\">\n\t\t\t\t<div class=\"elementor-widget-container\">\n\t\t\t\t\t\t\t<div class=\"elementor-divider\">\n\t\t\t<span class=\"elementor-divider-separator\">\n\t\t\t\t\t\t<\/span>\n\t\t<\/div>\n\t\t\t\t\t\t<\/div>\n\t\t\t\t<\/div>\n\t\t\t\t\t<\/div>\n\t\t<\/div>\n\t\t\t\t\t<\/div>\n\t\t<\/section>\n\t\t\t\t<section class=\"elementor-section elementor-top-section elementor-element elementor-element-f3439dd elementor-section-boxed elementor-section-height-default elementor-section-height-default\" data-id=\"f3439dd\" data-element_type=\"section\" data-e-type=\"section\">\n\t\t\t\t\t\t<div class=\"elementor-container elementor-column-gap-default\">\n\t\t\t\t\t<div class=\"elementor-column elementor-col-100 elementor-top-column elementor-element elementor-element-532ad63\" data-id=\"532ad63\" data-element_type=\"column\" data-e-type=\"column\">\n\t\t\t<div class=\"elementor-widget-wrap elementor-element-populated\">\n\t\t\t\t\t\t<div class=\"elementor-element elementor-element-5ceb038 elementor-align-center elementor-widget elementor-widget-button\" data-id=\"5ceb038\" data-element_type=\"widget\" data-e-type=\"widget\" data-widget_type=\"button.default\">\n\t\t\t\t<div class=\"elementor-widget-container\">\n\t\t\t\t\t\t\t\t\t<div class=\"elementor-button-wrapper\">\n\t\t\t\t\t<a class=\"elementor-button elementor-button-link elementor-size-sm elementor-animation-grow\" href=\"https:\/\/www.estadisticaciudad.gob.ar\/eyc\/wp-content\/uploads\/2025\/03\/8-de-marzo-Dia-internacional-de-la-mujer-2025.pdf\" target=\"_blank\">\n\t\t\t\t\t\t<span class=\"elementor-button-content-wrapper\">\n\t\t\t\t\t\t<span class=\"elementor-button-icon\">\n\t\t\t\t\t\t\t\t\t<i class=\"fa fa-download\" aria-hidden=\"true\"><\/i>\n\t\t\t\t\t\t\t<\/span>\n\t\t\t\t\t\t\t\t\t<span class=\"elementor-button-text\">Descarg\u00e1 el PDF completo<\/span>\n\t\t\t\t\t<\/span>\n\t\t\t\t\t<\/a>\n\t\t\t\t<\/div>\n\t\t\t\t\t\t\t\t<\/div>\n\t\t\t\t<\/div>\n\t\t\t\t\t<\/div>\n\t\t<\/div>\n\t\t\t\t\t<\/div>\n\t\t<\/section>\n\t\t\t\t<section class=\"elementor-section elementor-top-section elementor-element elementor-element-c34a307 elementor-section-stretched elementor-section-full_width elementor-section-height-default elementor-section-height-default\" data-id=\"c34a307\" data-element_type=\"section\" data-e-type=\"section\" data-settings=\"{&quot;stretch_section&quot;:&quot;section-stretched&quot;}\">\n\t\t\t\t\t\t<div class=\"elementor-container elementor-column-gap-no\">\n\t\t\t\t\t<div class=\"elementor-column elementor-col-100 elementor-top-column elementor-element elementor-element-6937243\" data-id=\"6937243\" data-element_type=\"column\" data-e-type=\"column\">\n\t\t\t<div class=\"elementor-widget-wrap elementor-element-populated\">\n\t\t\t\t\t\t<div class=\"elementor-element elementor-element-cc8beac elementor-widget elementor-widget-shortcode\" data-id=\"cc8beac\" data-element_type=\"widget\" data-e-type=\"widget\" data-widget_type=\"shortcode.default\">\n\t\t\t\t<div class=\"elementor-widget-container\">\n\t\t\t\t\t\t\t<div class=\"elementor-shortcode\"><\/div>\n\t\t\t\t\t\t<\/div>\n\t\t\t\t<\/div>\n\t\t\t\t\t<\/div>\n\t\t<\/div>\n\t\t\t\t\t<\/div>\n\t\t<\/section>\n\t\t\t\t<\/div>\n\t\t","protected":false},"excerpt":{"rendered":"<p>&nbsp; 8 de marzo: D\u00eda Internacional de la Mujer 2025. 8 de marzo: D\u00eda Internacional de la Mujer 2025 El Instituto de Estad\u00edstica y&#46;&#46;&#46;<\/p>\n","protected":false},"author":40,"featured_media":0,"parent":0,"menu_order":0,"comment_status":"closed","ping_status":"closed","template":"elementor_canvas","meta":{"_acf_changed":false,"inline_featured_image":false,"ep_exclude_from_search":false,"footnotes":""},"class_list":["post-164609","page","type-page","status-publish","hentry"],"acf":[],"_links":{"self":[{"href":"https:\/\/www.estadisticaciudad.gob.ar\/eyc\/wp-json\/wp\/v2\/pages\/164609","targetHints":{"allow":["GET"]}}],"collection":[{"href":"https:\/\/www.estadisticaciudad.gob.ar\/eyc\/wp-json\/wp\/v2\/pages"}],"about":[{"href":"https:\/\/www.estadisticaciudad.gob.ar\/eyc\/wp-json\/wp\/v2\/types\/page"}],"author":[{"embeddable":true,"href":"https:\/\/www.estadisticaciudad.gob.ar\/eyc\/wp-json\/wp\/v2\/users\/40"}],"replies":[{"embeddable":true,"href":"https:\/\/www.estadisticaciudad.gob.ar\/eyc\/wp-json\/wp\/v2\/comments?post=164609"}],"version-history":[{"count":77,"href":"https:\/\/www.estadisticaciudad.gob.ar\/eyc\/wp-json\/wp\/v2\/pages\/164609\/revisions"}],"predecessor-version":[{"id":173429,"href":"https:\/\/www.estadisticaciudad.gob.ar\/eyc\/wp-json\/wp\/v2\/pages\/164609\/revisions\/173429"}],"wp:attachment":[{"href":"https:\/\/www.estadisticaciudad.gob.ar\/eyc\/wp-json\/wp\/v2\/media?parent=164609"}],"curies":[{"name":"wp","href":"https:\/\/api.w.org\/{rel}","templated":true}]}}